{"version":"1.0","provider_name":"bip4ex","provider_url":"https:\/\/helloproject.es\/vigilancia","author_name":"Luis Miguel Mej\u00edas Ramos","author_url":"https:\/\/helloproject.es\/vigilancia\/author\/luismi\/","title":"Los lagos amaz\u00f3nicos llegan a los 41\u00ba C","type":"rich","width":600,"height":338,"html":"<blockquote class=\"wp-embedded-content\" data-secret=\"qYj7EM7oMn\"><a href=\"https:\/\/helloproject.es\/vigilancia\/los-lagos-amazonicos-llegan-a-los-41o-c\/\">Los lagos amaz\u00f3nicos llegan a los 41\u00ba C<\/a><\/blockquote><iframe sandbox=\"allow-scripts\" security=\"restricted\" src=\"https:\/\/helloproject.es\/vigilancia\/los-lagos-amazonicos-llegan-a-los-41o-c\/embed\/#?secret=qYj7EM7oMn\" width=\"600\" height=\"338\" title=\"\u00abLos lagos amaz\u00f3nicos llegan a los 41\u00ba C\u00bb \u2014 bip4ex\" data-secret=\"qYj7EM7oMn\" frameborder=\"0\" marginwidth=\"0\" marginheight=\"0\" scrolling=\"no\" class=\"wp-embedded-content\"><\/iframe><script>\n\/*! This file is auto-generated *\/\n!function(d,l){\"use strict\";l.querySelector&&d.addEventListener&&\"undefined\"!=typeof URL&&(d.wp=d.wp||{},d.wp.receiveEmbedMessage||(d.wp.receiveEmbedMessage=function(e){var t=e.data;if((t||t.secret||t.message||t.value)&&!\/[^a-zA-Z0-9]\/.test(t.secret)){for(var s,r,n,a=l.querySelectorAll('iframe[data-secret=\"'+t.secret+'\"]'),o=l.querySelectorAll('blockquote[data-secret=\"'+t.secret+'\"]'),c=new RegExp(\"^https?:$\",\"i\"),i=0;i<o.length;i++)o[i].style.display=\"none\";for(i=0;i<a.length;i++)s=a[i],e.source===s.contentWindow&&(s.removeAttribute(\"style\"),\"height\"===t.message?(1e3<(r=parseInt(t.value,10))?r=1e3:~~r<200&&(r=200),s.height=r):\"link\"===t.message&&(r=new URL(s.getAttribute(\"src\")),n=new URL(t.value),c.test(n.protocol))&&n.host===r.host&&l.activeElement===s&&(d.top.location.href=t.value))}},d.addEventListener(\"message\",d.wp.receiveEmbedMessage,!1),l.addEventListener(\"DOMContentLoaded\",function(){for(var e,t,s=l.querySelectorAll(\"iframe.wp-embedded-content\"),r=0;r<s.length;r++)(t=(e=s[r]).getAttribute(\"data-secret\"))||(t=Math.random().toString(36).substring(2,12),e.src+=\"#?secret=\"+t,e.setAttribute(\"data-secret\",t)),e.contentWindow.postMessage({message:\"ready\",secret:t},\"*\")},!1)))}(window,document);\n\/\/# sourceURL=https:\/\/helloproject.es\/vigilancia\/wp-includes\/js\/wp-embed.min.js\n<\/script>\n","description":"Un nuevo estudio analiza en detalle c\u00f3mo las condiciones extremas de 2023 alteraron el equilibrio t\u00e9rmico de los lagos amaz\u00f3nicos. Las mediciones muestran que el agua alcanz\u00f3 temperaturas inusualmente altas, que en algunos casos superaron los 40 \u00baC, acompa\u00f1adas de un descenso hist\u00f3rico en los niveles h\u00eddricos. \u00a0Esto provoc\u00f3 el aislamiento de comunidades ribere\u00f1as y [&hellip;]","thumbnail_url":"https:\/\/www.agenciasinc.es\/bundles\/app\/images\/quotebefore.png"}